{"id":625,"date":"2024-12-18T18:34:11","date_gmt":"2024-12-18T16:34:11","guid":{"rendered":"https:\/\/catalogues.salvador-dali.org\/catalogues\/cataleg-raonat-pintures\/intro\/"},"modified":"2025-03-05T17:12:49","modified_gmt":"2025-03-05T15:12:49","slug":"intro","status":"publish","type":"page","link":"https:\/\/catalogues.salvador-dali.org\/catalogues\/fr\/catalogue-raisonne-peinture\/intro\/","title":{"rendered":"Au sujet du Catalogue Raisonn\u00e9"},"content":{"rendered":"\n<p>Le Catalogue Raisonn\u00e9 de Peintures de Salvador Dal\u00ed est un travail d&rsquo;inventaire et d&rsquo;attribution publi\u00e9 au format num\u00e9rique. Il recense, de fa\u00e7on scientifique et d\u00e9finitive, les \u0153uvres relevant de la production picturale de Dal\u00ed, ex\u00e9cut\u00e9es entre 1910 et 1983. Con\u00e7u comme un work in progress, ce catalogue sera r\u00e9guli\u00e8rement modifi\u00e9 et enrichi \u00e0 la lumi\u00e8re des informations rassembl\u00e9es par les sp\u00e9cialistes de la Fundaci\u00f3 Gala-Salvador Dal\u00ed et les chercheurs et institutions qui collaborent au projet.<\/p>\n","protected":false},"excerpt":{"rendered":"<p>Le Catalogue Raisonn\u00e9 de Peintures de Salvador Dal\u00ed est un travail d&rsquo;inventaire et d&rsquo;attribution publi\u00e9 au format num\u00e9rique. Il recense, de fa\u00e7on scientifique et d\u00e9finitive, les \u0153uvres relevant de la production picturale de Dal\u00ed, ex\u00e9cut\u00e9es entre 1910 et 1983. Con\u00e7u comme un work in progress, ce catalogue sera r\u00e9guli\u00e8rement modifi\u00e9 et enrichi \u00e0 la lumi\u00e8re [&hellip;]<\/p>\n","protected":false},"author":1,"featured_media":173,"parent":553,"menu_order":0,"comment_status":"closed","ping_status":"closed","template":"page-sobre-raonat.php","meta":{"_acf_changed":false,"_coblocks_attr":"","_coblocks_dimensions":"","_coblocks_responsive_height":"","_coblocks_accordion_ie_support":"","footnotes":""},"categories":[],"tags":[],"class_list":["post-625","page","type-page","status-publish","has-post-thumbnail","hentry"],"acf":[],"yoast_head":"<!-- This site is optimized with the Yoast SEO plugin v27.5 - https:\/\/yoast.com\/product\/yoast-seo-wordpress\/ -->\n<title>Au sujet du Catalogue Raisonn\u00e9 | Fundaci\u00f3 Gala - Salvador Dal\u00ed<\/title>\n<meta name=\"robots\" content=\"index, follow, max-snippet:-1, max-image-preview:large, max-video-preview:-1\" \/>\n<link rel=\"canonical\" href=\"https:\/\/catalogues.salvador-dali.org\/catalogues\/fr\/catalogue-raisonne-peinture\/intro\/\" \/>\n<meta property=\"og:locale\" content=\"fr_FR\" \/>\n<meta property=\"og:type\" content=\"article\" \/>\n<meta property=\"og:title\" content=\"Au sujet du Catalogue Raisonn\u00e9 | Fundaci\u00f3 Gala - Salvador Dal\u00ed\" \/>\n<meta property=\"og:description\" content=\"Le Catalogue Raisonn\u00e9 de Peintures de Salvador Dal\u00ed est un travail d&rsquo;inventaire et d&rsquo;attribution publi\u00e9 au format num\u00e9rique. Il recense, de fa\u00e7on scientifique et d\u00e9finitive, les \u0153uvres relevant de la production picturale de Dal\u00ed, ex\u00e9cut\u00e9es entre 1910 et 1983. Con\u00e7u comme un work in progress, ce catalogue sera r\u00e9guli\u00e8rement modifi\u00e9 et enrichi \u00e0 la lumi\u00e8re [&hellip;]\" \/>\n<meta property=\"og:url\" content=\"https:\/\/catalogues.salvador-dali.org\/catalogues\/fr\/catalogue-raisonne-peinture\/intro\/\" \/>\n<meta property=\"og:site_name\" content=\"Cat\u00e0legs raonats\" \/>\n<meta property=\"article:publisher\" content=\"https:\/\/www.facebook.com\/MuseusDali\" \/>\n<meta property=\"article:modified_time\" content=\"2025-03-05T15:12:49+00:00\" \/>\n<meta property=\"og:image\" content=\"https:\/\/catalogues.salvador-dali.org\/catalogues\/wp-content\/uploads\/2024\/12\/cataleg-p-home-large@2x-e1737544246171.jpg\" \/>\n\t<meta property=\"og:image:width\" content=\"2048\" \/>\n\t<meta property=\"og:image:height\" content=\"1260\" \/>\n\t<meta property=\"og:image:type\" content=\"image\/jpeg\" \/>\n<meta name=\"twitter:card\" content=\"summary_large_image\" \/>\n<meta name=\"twitter:site\" content=\"@MuseuDali\" \/>\n<meta name=\"twitter:label1\" content=\"Dur\u00e9e de lecture estim\u00e9e\" \/>\n\t<meta name=\"twitter:data1\" content=\"1 minute\" \/>\n<script type=\"application\/ld+json\" class=\"yoast-schema-graph\">{\"@context\":\"https:\\\/\\\/schema.org\",\"@graph\":[{\"@type\":\"WebPage\",\"@id\":\"https:\\\/\\\/catalogues.salvador-dali.org\\\/catalogues\\\/fr\\\/catalogue-raisonne-peinture\\\/intro\\\/\",\"url\":\"https:\\\/\\\/catalogues.salvador-dali.org\\\/catalogues\\\/fr\\\/catalogue-raisonne-peinture\\\/intro\\\/\",\"name\":\"Au sujet du Catalogue Raisonn\u00e9 | Fundaci\u00f3 Gala - Salvador Dal\u00ed\",\"isPartOf\":{\"@id\":\"https:\\\/\\\/catalogues.salvador-dali.org\\\/catalogues\\\/fr\\\/#website\"},\"primaryImageOfPage\":{\"@id\":\"https:\\\/\\\/catalogues.salvador-dali.org\\\/catalogues\\\/fr\\\/catalogue-raisonne-peinture\\\/intro\\\/#primaryimage\"},\"image\":{\"@id\":\"https:\\\/\\\/catalogues.salvador-dali.org\\\/catalogues\\\/fr\\\/catalogue-raisonne-peinture\\\/intro\\\/#primaryimage\"},\"thumbnailUrl\":\"https:\\\/\\\/catalogues.salvador-dali.org\\\/catalogues\\\/wp-content\\\/uploads\\\/2024\\\/12\\\/cataleg-p-home-large@2x-e1737544246171.jpg\",\"datePublished\":\"2024-12-18T16:34:11+00:00\",\"dateModified\":\"2025-03-05T15:12:49+00:00\",\"breadcrumb\":{\"@id\":\"https:\\\/\\\/catalogues.salvador-dali.org\\\/catalogues\\\/fr\\\/catalogue-raisonne-peinture\\\/intro\\\/#breadcrumb\"},\"inLanguage\":\"fr-FR\",\"potentialAction\":[{\"@type\":\"ReadAction\",\"target\":[\"https:\\\/\\\/catalogues.salvador-dali.org\\\/catalogues\\\/fr\\\/catalogue-raisonne-peinture\\\/intro\\\/\"]}]},{\"@type\":\"ImageObject\",\"inLanguage\":\"fr-FR\",\"@id\":\"https:\\\/\\\/catalogues.salvador-dali.org\\\/catalogues\\\/fr\\\/catalogue-raisonne-peinture\\\/intro\\\/#primaryimage\",\"url\":\"https:\\\/\\\/catalogues.salvador-dali.org\\\/catalogues\\\/wp-content\\\/uploads\\\/2024\\\/12\\\/cataleg-p-home-large@2x-e1737544246171.jpg\",\"contentUrl\":\"https:\\\/\\\/catalogues.salvador-dali.org\\\/catalogues\\\/wp-content\\\/uploads\\\/2024\\\/12\\\/cataleg-p-home-large@2x-e1737544246171.jpg\",\"width\":2048,\"height\":1260,\"caption\":\"Carlos P\u00e9rez de Rozas, Salvador Dal\u00ed pintant l'obra Gala Plac\u00eddia al taller de Portlligat, c. 1952.\"},{\"@type\":\"BreadcrumbList\",\"@id\":\"https:\\\/\\\/catalogues.salvador-dali.org\\\/catalogues\\\/fr\\\/catalogue-raisonne-peinture\\\/intro\\\/#breadcrumb\",\"itemListElement\":[{\"@type\":\"ListItem\",\"position\":1,\"name\":\"Inici\",\"item\":\"https:\\\/\\\/catalogues.salvador-dali.org\\\/catalogues\\\/fr\\\/\"},{\"@type\":\"ListItem\",\"position\":2,\"name\":\"Au sujet du Catalogue Raisonn\u00e9\"}]},{\"@type\":\"WebSite\",\"@id\":\"https:\\\/\\\/catalogues.salvador-dali.org\\\/catalogues\\\/fr\\\/#website\",\"url\":\"https:\\\/\\\/catalogues.salvador-dali.org\\\/catalogues\\\/fr\\\/\",\"name\":\"Cat\u00e0legs raonats\",\"description\":\"\",\"potentialAction\":[{\"@type\":\"SearchAction\",\"target\":{\"@type\":\"EntryPoint\",\"urlTemplate\":\"https:\\\/\\\/catalogues.salvador-dali.org\\\/catalogues\\\/fr\\\/?s={search_term_string}\"},\"query-input\":{\"@type\":\"PropertyValueSpecification\",\"valueRequired\":true,\"valueName\":\"search_term_string\"}}],\"inLanguage\":\"fr-FR\"}]}<\/script>\n<!-- \/ Yoast SEO plugin. -->","yoast_head_json":{"title":"Au sujet du Catalogue Raisonn\u00e9 | Fundaci\u00f3 Gala - Salvador Dal\u00ed","robots":{"index":"index","follow":"follow","max-snippet":"max-snippet:-1","max-image-preview":"max-image-preview:large","max-video-preview":"max-video-preview:-1"},"canonical":"https:\/\/catalogues.salvador-dali.org\/catalogues\/fr\/catalogue-raisonne-peinture\/intro\/","og_locale":"fr_FR","og_type":"article","og_title":"Au sujet du Catalogue Raisonn\u00e9 | Fundaci\u00f3 Gala - Salvador Dal\u00ed","og_description":"Le Catalogue Raisonn\u00e9 de Peintures de Salvador Dal\u00ed est un travail d&rsquo;inventaire et d&rsquo;attribution publi\u00e9 au format num\u00e9rique. Il recense, de fa\u00e7on scientifique et d\u00e9finitive, les \u0153uvres relevant de la production picturale de Dal\u00ed, ex\u00e9cut\u00e9es entre 1910 et 1983. Con\u00e7u comme un work in progress, ce catalogue sera r\u00e9guli\u00e8rement modifi\u00e9 et enrichi \u00e0 la lumi\u00e8re [&hellip;]","og_url":"https:\/\/catalogues.salvador-dali.org\/catalogues\/fr\/catalogue-raisonne-peinture\/intro\/","og_site_name":"Cat\u00e0legs raonats","article_publisher":"https:\/\/www.facebook.com\/MuseusDali","article_modified_time":"2025-03-05T15:12:49+00:00","og_image":[{"width":2048,"height":1260,"url":"https:\/\/catalogues.salvador-dali.org\/catalogues\/wp-content\/uploads\/2024\/12\/cataleg-p-home-large@2x-e1737544246171.jpg","type":"image\/jpeg"}],"twitter_card":"summary_large_image","twitter_site":"@MuseuDali","twitter_misc":{"Dur\u00e9e de lecture estim\u00e9e":"1 minute"},"schema":{"@context":"https:\/\/schema.org","@graph":[{"@type":"WebPage","@id":"https:\/\/catalogues.salvador-dali.org\/catalogues\/fr\/catalogue-raisonne-peinture\/intro\/","url":"https:\/\/catalogues.salvador-dali.org\/catalogues\/fr\/catalogue-raisonne-peinture\/intro\/","name":"Au sujet du Catalogue Raisonn\u00e9 | Fundaci\u00f3 Gala - Salvador Dal\u00ed","isPartOf":{"@id":"https:\/\/catalogues.salvador-dali.org\/catalogues\/fr\/#website"},"primaryImageOfPage":{"@id":"https:\/\/catalogues.salvador-dali.org\/catalogues\/fr\/catalogue-raisonne-peinture\/intro\/#primaryimage"},"image":{"@id":"https:\/\/catalogues.salvador-dali.org\/catalogues\/fr\/catalogue-raisonne-peinture\/intro\/#primaryimage"},"thumbnailUrl":"https:\/\/catalogues.salvador-dali.org\/catalogues\/wp-content\/uploads\/2024\/12\/cataleg-p-home-large@2x-e1737544246171.jpg","datePublished":"2024-12-18T16:34:11+00:00","dateModified":"2025-03-05T15:12:49+00:00","breadcrumb":{"@id":"https:\/\/catalogues.salvador-dali.org\/catalogues\/fr\/catalogue-raisonne-peinture\/intro\/#breadcrumb"},"inLanguage":"fr-FR","potentialAction":[{"@type":"ReadAction","target":["https:\/\/catalogues.salvador-dali.org\/catalogues\/fr\/catalogue-raisonne-peinture\/intro\/"]}]},{"@type":"ImageObject","inLanguage":"fr-FR","@id":"https:\/\/catalogues.salvador-dali.org\/catalogues\/fr\/catalogue-raisonne-peinture\/intro\/#primaryimage","url":"https:\/\/catalogues.salvador-dali.org\/catalogues\/wp-content\/uploads\/2024\/12\/cataleg-p-home-large@2x-e1737544246171.jpg","contentUrl":"https:\/\/catalogues.salvador-dali.org\/catalogues\/wp-content\/uploads\/2024\/12\/cataleg-p-home-large@2x-e1737544246171.jpg","width":2048,"height":1260,"caption":"Carlos P\u00e9rez de Rozas, Salvador Dal\u00ed pintant l'obra Gala Plac\u00eddia al taller de Portlligat, c. 1952."},{"@type":"BreadcrumbList","@id":"https:\/\/catalogues.salvador-dali.org\/catalogues\/fr\/catalogue-raisonne-peinture\/intro\/#breadcrumb","itemListElement":[{"@type":"ListItem","position":1,"name":"Inici","item":"https:\/\/catalogues.salvador-dali.org\/catalogues\/fr\/"},{"@type":"ListItem","position":2,"name":"Au sujet du Catalogue Raisonn\u00e9"}]},{"@type":"WebSite","@id":"https:\/\/catalogues.salvador-dali.org\/catalogues\/fr\/#website","url":"https:\/\/catalogues.salvador-dali.org\/catalogues\/fr\/","name":"Cat\u00e0legs raonats","description":"","potentialAction":[{"@type":"SearchAction","target":{"@type":"EntryPoint","urlTemplate":"https:\/\/catalogues.salvador-dali.org\/catalogues\/fr\/?s={search_term_string}"},"query-input":{"@type":"PropertyValueSpecification","valueRequired":true,"valueName":"search_term_string"}}],"inLanguage":"fr-FR"}]}},"_links":{"self":[{"href":"https:\/\/catalogues.salvador-dali.org\/catalogues\/fr\/wp-json\/wp\/v2\/pages\/625","targetHints":{"allow":["GET"]}}],"collection":[{"href":"https:\/\/catalogues.salvador-dali.org\/catalogues\/fr\/wp-json\/wp\/v2\/pages"}],"about":[{"href":"https:\/\/catalogues.salvador-dali.org\/catalogues\/fr\/wp-json\/wp\/v2\/types\/page"}],"author":[{"embeddable":true,"href":"https:\/\/catalogues.salvador-dali.org\/catalogues\/fr\/wp-json\/wp\/v2\/users\/1"}],"replies":[{"embeddable":true,"href":"https:\/\/catalogues.salvador-dali.org\/catalogues\/fr\/wp-json\/wp\/v2\/comments?post=625"}],"version-history":[{"count":4,"href":"https:\/\/catalogues.salvador-dali.org\/catalogues\/fr\/wp-json\/wp\/v2\/pages\/625\/revisions"}],"predecessor-version":[{"id":1331,"href":"https:\/\/catalogues.salvador-dali.org\/catalogues\/fr\/wp-json\/wp\/v2\/pages\/625\/revisions\/1331"}],"up":[{"embeddable":true,"href":"https:\/\/catalogues.salvador-dali.org\/catalogues\/fr\/wp-json\/wp\/v2\/pages\/553"}],"wp:featuredmedia":[{"embeddable":true,"href":"https:\/\/catalogues.salvador-dali.org\/catalogues\/fr\/wp-json\/wp\/v2\/media\/173"}],"wp:attachment":[{"href":"https:\/\/catalogues.salvador-dali.org\/catalogues\/fr\/wp-json\/wp\/v2\/media?parent=625"}],"wp:term":[{"taxonomy":"category","embeddable":true,"href":"https:\/\/catalogues.salvador-dali.org\/catalogues\/fr\/wp-json\/wp\/v2\/categories?post=625"},{"taxonomy":"post_tag","embeddable":true,"href":"https:\/\/catalogues.salvador-dali.org\/catalogues\/fr\/wp-json\/wp\/v2\/tags?post=625"}],"curies":[{"name":"wp","href":"https:\/\/api.w.org\/{rel}","templated":true}]}}