{"id":588,"date":"2024-12-27T14:05:15","date_gmt":"2024-12-27T12:05:15","guid":{"rendered":"https:\/\/catalogues.salvador-dali.org\/catalogues\/cataleg-raonat-pintures\/contact\/"},"modified":"2025-01-22T18:12:38","modified_gmt":"2025-01-22T16:12:38","slug":"contact","status":"publish","type":"page","link":"https:\/\/catalogues.salvador-dali.org\/catalogues\/en\/catalogue-raisonne-paintings\/contact\/","title":{"rendered":"Contact"},"content":{"rendered":"\n<p><\/p>\n\n\n\n<div class=\"wp-block-columns col-text marges is-layout-flex wp-container-core-columns-is-layout-9d6595d7 wp-block-columns-is-layout-flex\">\n<div class=\"wp-block-column is-layout-flow wp-block-column-is-layout-flow\">\n<figure class=\"wp-block-image size-full\"><img loading=\"lazy\" decoding=\"async\" width=\"357\" height=\"244\" src=\"https:\/\/catalogues.salvador-dali.org\/catalogues\/wp-content\/uploads\/2024\/12\/1271.jpg\" alt=\"\" class=\"wp-image-318\" srcset=\"https:\/\/catalogues.salvador-dali.org\/catalogues\/wp-content\/uploads\/2024\/12\/1271.jpg 357w, https:\/\/catalogues.salvador-dali.org\/catalogues\/wp-content\/uploads\/2024\/12\/1271-300x205.jpg 300w\" sizes=\"auto, (max-width: 357px) 100vw, 357px\" \/><\/figure>\n<\/div>\n\n\n\n<div class=\"wp-block-column is-layout-flow wp-block-column-is-layout-flow\">\n<p>One of the main objectives of the Fundaci\u00f3 Gala-Salvador Dal\u00ed is to study and to foster appreciation of the work of Dal\u00ed, and for this reason we are very interested in receiving any information relating to the works that are the subject of this&nbsp;<em>Catalogue Raisonn\u00e9 of Paintings by Salvador Dal\u00ed<\/em>. You can contact the Centre for Dalinian Studies at the email address <a href=\"mailto:cr.pintures@fundaciodali.org\">cr.pintures@fundaciodali.org<\/a>, <br>by ordinary mail at out postal address:<\/p>\n\n\n\n<p>Fundaci\u00f3 Gala-Salvador Dal\u00ed<br>Pujada del Castell, 28<br>E17600 Figueres<br>Tel. (+34) 972 677 514<br>Fax. (+34) 972 51 01 40<\/p>\n\n\n\n<p>You can also contact us by sending us this form, after entering the information requested in the corresponding fields.<\/p>\n\n\n\n<div class=\"wp-block-contact-form-7-contact-form-selector\">\n<div class=\"wpcf7 no-js\" id=\"wpcf7-f1085-o1\" lang=\"en-GB\" dir=\"ltr\" data-wpcf7-id=\"1085\">\n<div class=\"screen-reader-response\"><p role=\"status\" aria-live=\"polite\" aria-atomic=\"true\"><\/p> <ul><\/ul><\/div>\n<form action=\"\/catalogues\/en\/wp-json\/wp\/v2\/pages\/588#wpcf7-f1085-o1\" method=\"post\" class=\"wpcf7-form init\" aria-label=\"Contact form\" enctype=\"multipart\/form-data\" novalidate=\"novalidate\" data-status=\"init\">\n<fieldset class=\"hidden-fields-container\"><input type=\"hidden\" name=\"_wpcf7\" value=\"1085\" \/><input type=\"hidden\" name=\"_wpcf7_version\" value=\"6.1.1\" \/><input type=\"hidden\" name=\"_wpcf7_locale\" value=\"en_GB\" \/><input type=\"hidden\" name=\"_wpcf7_unit_tag\" value=\"wpcf7-f1085-o1\" \/><input type=\"hidden\" name=\"_wpcf7_container_post\" value=\"0\" \/><input type=\"hidden\" name=\"_wpcf7_posted_data_hash\" value=\"\" \/><input type=\"hidden\" name=\"_wpcf7_recaptcha_response\" value=\"\" \/>\n<\/fieldset>\n<p><span class=\"wpcf7-form-control-wrap\" data-name=\"your-subject\"><input size=\"40\" maxlength=\"400\" class=\"wpcf7-form-control wpcf7-text wpcf7-validates-as-required\" aria-required=\"true\" aria-invalid=\"false\" placeholder=\"Cat. num. P*\" value=\"\" type=\"text\" name=\"your-subject\" \/><\/span>\n<\/p>\n<p><span class=\"wpcf7-form-control-wrap\" data-name=\"your-name\"><input size=\"40\" maxlength=\"400\" class=\"wpcf7-form-control wpcf7-text wpcf7-validates-as-required\" autocomplete=\"name\" aria-required=\"true\" aria-invalid=\"false\" placeholder=\"Name and last name*\" value=\"\" type=\"text\" name=\"your-name\" \/><\/span>\n<\/p>\n<p><span class=\"wpcf7-form-control-wrap\" data-name=\"your-email\"><input size=\"40\" maxlength=\"400\" class=\"wpcf7-form-control wpcf7-email wpcf7-validates-as-required wpcf7-text wpcf7-validates-as-email\" autocomplete=\"email\" aria-required=\"true\" aria-invalid=\"false\" placeholder=\"E-mail*\" value=\"\" type=\"email\" name=\"your-email\" \/><\/span>\n<\/p>\n<p><span class=\"wpcf7-form-control-wrap\" data-name=\"your-message\"><textarea cols=\"40\" rows=\"10\" maxlength=\"2000\" class=\"wpcf7-form-control wpcf7-textarea\" aria-invalid=\"false\" placeholder=\"Message*\" name=\"your-message\"><\/textarea><\/span>\n<\/p>\n<p><span class=\"wpcf7-form-control-wrap\" data-name=\"file-200\"><input size=\"40\" class=\"wpcf7-form-control wpcf7-file\" id=\"file-upload\" accept=\"audio\/*,video\/*,image\/*,.txt,application\/pdf\" aria-invalid=\"false\" type=\"file\" name=\"file-200\" \/><\/span>\n<\/p>\n<p><span class=\"wpcf7-form-control-wrap\" data-name=\"acceptance-975\"><span class=\"wpcf7-form-control wpcf7-acceptance\"><span class=\"wpcf7-list-item\"><label><input type=\"checkbox\" name=\"acceptance-975\" value=\"1\" aria-invalid=\"false\" \/><span class=\"wpcf7-list-item-label\">I have read, understand and accept the <a target=\"_blank\" href=\"https:\/\/www.salvador-dali.org\/en\/privacitat\/\">Privacy and Data Protection Policy<\/a><\/span><\/label><\/span><\/span><\/span>\n<\/p>\n<p><small><br \/>\n* The fields marked with an asterisk are required to enable us to process the form, but the inclusion of data in the other fields is entirely optional. Failure to provide all of the requested data may mean that the Foundation is unable to process the form.<br \/>\nI understand that the FUNDACI\u00d3 GALA-SALVADOR DAL\u00cd will use my personal data to process my subscription request and send me communications (including by electronic means) about its activities, as well as to comply with its legal obligations. The Privacy and Data Protection Policy indicates how I can exercise my rights of access, rectification, opposition, limitation, portability and cancellation.<br \/>\n<\/small>\n<\/p>\n<p><input class=\"wpcf7-form-control wpcf7-submit has-spinner\" type=\"submit\" value=\"Submit\" \/>\n<\/p><div class=\"wpcf7-response-output\" aria-hidden=\"true\"><\/div>\n<\/form>\n<\/div>\n<\/div>\n<\/div>\n<\/div>\n\n\n\n<p><\/p>\n","protected":false},"excerpt":{"rendered":"<p>One of the main objectives of the Fundaci\u00f3 Gala-Salvador Dal\u00ed is to study and to foster appreciation of the work of Dal\u00ed, and for this reason we are very interested in receiving any information relating to the works that are the subject of this&nbsp;Catalogue Raisonn\u00e9 of Paintings by Salvador Dal\u00ed. You can contact the Centre [&hellip;]<\/p>\n","protected":false},"author":1,"featured_media":0,"parent":552,"menu_order":1,"comment_status":"closed","ping_status":"closed","template":"","meta":{"_acf_changed":false,"_coblocks_attr":"","_coblocks_dimensions":"","_coblocks_responsive_height":"","_coblocks_accordion_ie_support":"","footnotes":""},"class_list":["post-588","page","type-page","status-publish","hentry"],"acf":[],"yoast_head":"<!-- This site is optimized with the Yoast SEO plugin v27.4 - https:\/\/yoast.com\/product\/yoast-seo-wordpress\/ -->\n<title>Contact | Fundaci\u00f3 Gala - Salvador Dal\u00ed<\/title>\n<meta name=\"robots\" content=\"index, follow, max-snippet:-1, max-image-preview:large, max-video-preview:-1\" \/>\n<link rel=\"canonical\" href=\"https:\/\/catalogues.salvador-dali.org\/catalogues\/en\/catalogue-raisonne-paintings\/contact\/\" \/>\n<meta property=\"og:locale\" content=\"en_US\" \/>\n<meta property=\"og:type\" content=\"article\" \/>\n<meta property=\"og:title\" content=\"Contact | Fundaci\u00f3 Gala - Salvador Dal\u00ed\" \/>\n<meta property=\"og:description\" content=\"One of the main objectives of the Fundaci\u00f3 Gala-Salvador Dal\u00ed is to study and to foster appreciation of the work of Dal\u00ed, and for this reason we are very interested in receiving any information relating to the works that are the subject of this&nbsp;Catalogue Raisonn\u00e9 of Paintings by Salvador Dal\u00ed. You can contact the Centre [&hellip;]\" \/>\n<meta property=\"og:url\" content=\"https:\/\/catalogues.salvador-dali.org\/catalogues\/en\/catalogue-raisonne-paintings\/contact\/\" \/>\n<meta property=\"og:site_name\" content=\"Cat\u00e0legs raonats\" \/>\n<meta property=\"article:publisher\" content=\"https:\/\/www.facebook.com\/MuseusDali\" \/>\n<meta property=\"article:modified_time\" content=\"2025-01-22T16:12:38+00:00\" \/>\n<meta property=\"og:image\" content=\"https:\/\/catalogues.salvador-dali.org\/catalogues\/wp-content\/uploads\/2024\/12\/1271.jpg\" \/>\n<meta name=\"twitter:card\" content=\"summary_large_image\" \/>\n<meta name=\"twitter:site\" content=\"@MuseuDali\" \/>\n<meta name=\"twitter:label1\" content=\"Est. reading time\" \/>\n\t<meta name=\"twitter:data1\" content=\"1 minute\" \/>\n<script type=\"application\/ld+json\" class=\"yoast-schema-graph\">{\"@context\":\"https:\\\/\\\/schema.org\",\"@graph\":[{\"@type\":\"WebPage\",\"@id\":\"https:\\\/\\\/catalogues.salvador-dali.org\\\/catalogues\\\/en\\\/catalogue-raisonne-paintings\\\/contact\\\/\",\"url\":\"https:\\\/\\\/catalogues.salvador-dali.org\\\/catalogues\\\/en\\\/catalogue-raisonne-paintings\\\/contact\\\/\",\"name\":\"Contact | Fundaci\u00f3 Gala - Salvador Dal\u00ed\",\"isPartOf\":{\"@id\":\"https:\\\/\\\/catalogues.salvador-dali.org\\\/catalogues\\\/en\\\/#website\"},\"primaryImageOfPage\":{\"@id\":\"https:\\\/\\\/catalogues.salvador-dali.org\\\/catalogues\\\/en\\\/catalogue-raisonne-paintings\\\/contact\\\/#primaryimage\"},\"image\":{\"@id\":\"https:\\\/\\\/catalogues.salvador-dali.org\\\/catalogues\\\/en\\\/catalogue-raisonne-paintings\\\/contact\\\/#primaryimage\"},\"thumbnailUrl\":\"https:\\\/\\\/catalogues.salvador-dali.org\\\/catalogues\\\/wp-content\\\/uploads\\\/2024\\\/12\\\/1271.jpg\",\"datePublished\":\"2024-12-27T12:05:15+00:00\",\"dateModified\":\"2025-01-22T16:12:38+00:00\",\"breadcrumb\":{\"@id\":\"https:\\\/\\\/catalogues.salvador-dali.org\\\/catalogues\\\/en\\\/catalogue-raisonne-paintings\\\/contact\\\/#breadcrumb\"},\"inLanguage\":\"en-US\",\"potentialAction\":[{\"@type\":\"ReadAction\",\"target\":[\"https:\\\/\\\/catalogues.salvador-dali.org\\\/catalogues\\\/en\\\/catalogue-raisonne-paintings\\\/contact\\\/\"]}]},{\"@type\":\"ImageObject\",\"inLanguage\":\"en-US\",\"@id\":\"https:\\\/\\\/catalogues.salvador-dali.org\\\/catalogues\\\/en\\\/catalogue-raisonne-paintings\\\/contact\\\/#primaryimage\",\"url\":\"https:\\\/\\\/catalogues.salvador-dali.org\\\/catalogues\\\/wp-content\\\/uploads\\\/2024\\\/12\\\/1271.jpg\",\"contentUrl\":\"https:\\\/\\\/catalogues.salvador-dali.org\\\/catalogues\\\/wp-content\\\/uploads\\\/2024\\\/12\\\/1271.jpg\"},{\"@type\":\"BreadcrumbList\",\"@id\":\"https:\\\/\\\/catalogues.salvador-dali.org\\\/catalogues\\\/en\\\/catalogue-raisonne-paintings\\\/contact\\\/#breadcrumb\",\"itemListElement\":[{\"@type\":\"ListItem\",\"position\":1,\"name\":\"Inici\",\"item\":\"https:\\\/\\\/catalogues.salvador-dali.org\\\/catalogues\\\/en\\\/\"},{\"@type\":\"ListItem\",\"position\":2,\"name\":\"Contact\"}]},{\"@type\":\"WebSite\",\"@id\":\"https:\\\/\\\/catalogues.salvador-dali.org\\\/catalogues\\\/en\\\/#website\",\"url\":\"https:\\\/\\\/catalogues.salvador-dali.org\\\/catalogues\\\/en\\\/\",\"name\":\"Cat\u00e0legs raonats\",\"description\":\"\",\"potentialAction\":[{\"@type\":\"SearchAction\",\"target\":{\"@type\":\"EntryPoint\",\"urlTemplate\":\"https:\\\/\\\/catalogues.salvador-dali.org\\\/catalogues\\\/en\\\/?s={search_term_string}\"},\"query-input\":{\"@type\":\"PropertyValueSpecification\",\"valueRequired\":true,\"valueName\":\"search_term_string\"}}],\"inLanguage\":\"en-US\"}]}<\/script>\n<!-- \/ Yoast SEO plugin. -->","yoast_head_json":{"title":"Contact | Fundaci\u00f3 Gala - Salvador Dal\u00ed","robots":{"index":"index","follow":"follow","max-snippet":"max-snippet:-1","max-image-preview":"max-image-preview:large","max-video-preview":"max-video-preview:-1"},"canonical":"https:\/\/catalogues.salvador-dali.org\/catalogues\/en\/catalogue-raisonne-paintings\/contact\/","og_locale":"en_US","og_type":"article","og_title":"Contact | Fundaci\u00f3 Gala - Salvador Dal\u00ed","og_description":"One of the main objectives of the Fundaci\u00f3 Gala-Salvador Dal\u00ed is to study and to foster appreciation of the work of Dal\u00ed, and for this reason we are very interested in receiving any information relating to the works that are the subject of this&nbsp;Catalogue Raisonn\u00e9 of Paintings by Salvador Dal\u00ed. You can contact the Centre [&hellip;]","og_url":"https:\/\/catalogues.salvador-dali.org\/catalogues\/en\/catalogue-raisonne-paintings\/contact\/","og_site_name":"Cat\u00e0legs raonats","article_publisher":"https:\/\/www.facebook.com\/MuseusDali","article_modified_time":"2025-01-22T16:12:38+00:00","og_image":[{"url":"https:\/\/catalogues.salvador-dali.org\/catalogues\/wp-content\/uploads\/2024\/12\/1271.jpg","type":"","width":"","height":""}],"twitter_card":"summary_large_image","twitter_site":"@MuseuDali","twitter_misc":{"Est. reading time":"1 minute"},"schema":{"@context":"https:\/\/schema.org","@graph":[{"@type":"WebPage","@id":"https:\/\/catalogues.salvador-dali.org\/catalogues\/en\/catalogue-raisonne-paintings\/contact\/","url":"https:\/\/catalogues.salvador-dali.org\/catalogues\/en\/catalogue-raisonne-paintings\/contact\/","name":"Contact | Fundaci\u00f3 Gala - Salvador Dal\u00ed","isPartOf":{"@id":"https:\/\/catalogues.salvador-dali.org\/catalogues\/en\/#website"},"primaryImageOfPage":{"@id":"https:\/\/catalogues.salvador-dali.org\/catalogues\/en\/catalogue-raisonne-paintings\/contact\/#primaryimage"},"image":{"@id":"https:\/\/catalogues.salvador-dali.org\/catalogues\/en\/catalogue-raisonne-paintings\/contact\/#primaryimage"},"thumbnailUrl":"https:\/\/catalogues.salvador-dali.org\/catalogues\/wp-content\/uploads\/2024\/12\/1271.jpg","datePublished":"2024-12-27T12:05:15+00:00","dateModified":"2025-01-22T16:12:38+00:00","breadcrumb":{"@id":"https:\/\/catalogues.salvador-dali.org\/catalogues\/en\/catalogue-raisonne-paintings\/contact\/#breadcrumb"},"inLanguage":"en-US","potentialAction":[{"@type":"ReadAction","target":["https:\/\/catalogues.salvador-dali.org\/catalogues\/en\/catalogue-raisonne-paintings\/contact\/"]}]},{"@type":"ImageObject","inLanguage":"en-US","@id":"https:\/\/catalogues.salvador-dali.org\/catalogues\/en\/catalogue-raisonne-paintings\/contact\/#primaryimage","url":"https:\/\/catalogues.salvador-dali.org\/catalogues\/wp-content\/uploads\/2024\/12\/1271.jpg","contentUrl":"https:\/\/catalogues.salvador-dali.org\/catalogues\/wp-content\/uploads\/2024\/12\/1271.jpg"},{"@type":"BreadcrumbList","@id":"https:\/\/catalogues.salvador-dali.org\/catalogues\/en\/catalogue-raisonne-paintings\/contact\/#breadcrumb","itemListElement":[{"@type":"ListItem","position":1,"name":"Inici","item":"https:\/\/catalogues.salvador-dali.org\/catalogues\/en\/"},{"@type":"ListItem","position":2,"name":"Contact"}]},{"@type":"WebSite","@id":"https:\/\/catalogues.salvador-dali.org\/catalogues\/en\/#website","url":"https:\/\/catalogues.salvador-dali.org\/catalogues\/en\/","name":"Cat\u00e0legs raonats","description":"","potentialAction":[{"@type":"SearchAction","target":{"@type":"EntryPoint","urlTemplate":"https:\/\/catalogues.salvador-dali.org\/catalogues\/en\/?s={search_term_string}"},"query-input":{"@type":"PropertyValueSpecification","valueRequired":true,"valueName":"search_term_string"}}],"inLanguage":"en-US"}]}},"_links":{"self":[{"href":"https:\/\/catalogues.salvador-dali.org\/catalogues\/en\/wp-json\/wp\/v2\/pages\/588","targetHints":{"allow":["GET"]}}],"collection":[{"href":"https:\/\/catalogues.salvador-dali.org\/catalogues\/en\/wp-json\/wp\/v2\/pages"}],"about":[{"href":"https:\/\/catalogues.salvador-dali.org\/catalogues\/en\/wp-json\/wp\/v2\/types\/page"}],"author":[{"embeddable":true,"href":"https:\/\/catalogues.salvador-dali.org\/catalogues\/en\/wp-json\/wp\/v2\/users\/1"}],"replies":[{"embeddable":true,"href":"https:\/\/catalogues.salvador-dali.org\/catalogues\/en\/wp-json\/wp\/v2\/comments?post=588"}],"version-history":[{"count":1,"href":"https:\/\/catalogues.salvador-dali.org\/catalogues\/en\/wp-json\/wp\/v2\/pages\/588\/revisions"}],"predecessor-version":[{"id":1102,"href":"https:\/\/catalogues.salvador-dali.org\/catalogues\/en\/wp-json\/wp\/v2\/pages\/588\/revisions\/1102"}],"up":[{"embeddable":true,"href":"https:\/\/catalogues.salvador-dali.org\/catalogues\/en\/wp-json\/wp\/v2\/pages\/552"}],"wp:attachment":[{"href":"https:\/\/catalogues.salvador-dali.org\/catalogues\/en\/wp-json\/wp\/v2\/media?parent=588"}],"curies":[{"name":"wp","href":"https:\/\/api.w.org\/{rel}","templated":true}]}}